{"id":206,"date":"2015-10-26T12:28:17","date_gmt":"2015-10-26T11:28:17","guid":{"rendered":"http:\/\/www.spotornofoundation.it\/website\/?page_id=206"},"modified":"2019-06-14T16:46:04","modified_gmt":"2019-06-14T14:46:04","slug":"dita-a-martello-e-artiglio","status":"publish","type":"page","link":"https:\/\/www.spotornofoundation.it\/website\/patologie\/piede\/dita-a-martello-e-artiglio\/","title":{"rendered":"Dita a martello e artiglio"},"content":{"rendered":"<section class=\"wpb-content-wrapper\"><p>[vc_row full_width=&#8221;&#8221; parallax=&#8221;&#8221; parallax_image=&#8221;&#8221; opn_row_id=&#8221;&#8221; opn_row_gutter=&#8221;&#8221; opn_enable_overlay=&#8221;off&#8221; opn_hide_navigation=&#8221;off&#8221; bg_type=&#8221;&#8221; parallax_style=&#8221;&#8221; bg_image_new=&#8221;&#8221; layer_image=&#8221;&#8221; bg_image_repeat=&#8221;&#8221; bg_image_size=&#8221;&#8221; bg_cstm_size=&#8221;&#8221; bg_img_attach=&#8221;&#8221; parallax_sense=&#8221;&#8221; bg_image_posiiton=&#8221;&#8221; animation_direction=&#8221;&#8221; animation_repeat=&#8221;&#8221; video_url=&#8221;&#8221; video_url_2=&#8221;&#8221; u_video_url=&#8221;&#8221; video_opts=&#8221;&#8221; video_poster=&#8221;&#8221; u_start_time=&#8221;&#8221; u_stop_time=&#8221;&#8221; viewport_vdo=&#8221;&#8221; enable_controls=&#8221;&#8221; bg_override=&#8221;&#8221; disable_on_mobile_img_parallax=&#8221;&#8221; parallax_content=&#8221;&#8221; parallax_content_sense=&#8221;&#8221; fadeout_row=&#8221;&#8221; fadeout_start_effect=&#8221;&#8221; enable_overlay=&#8221;&#8221; overlay_color=&#8221;&#8221; overlay_pattern=&#8221;&#8221; overlay_pattern_opacity=&#8221;&#8221; overlay_pattern_size=&#8221;&#8221; overlay_pattern_attachment=&#8221;&#8221; multi_color_overlay=&#8221;&#8221; multi_color_overlay_opacity=&#8221;&#8221; seperator_enable=&#8221;&#8221; seperator_type=&#8221;&#8221; seperator_position=&#8221;&#8221; seperator_shape_size=&#8221;&#8221; seperator_svg_height=&#8221;&#8221; seperator_shape_background=&#8221;&#8221; seperator_shape_border=&#8221;&#8221; seperator_shape_border_color=&#8221;&#8221; seperator_shape_border_width=&#8221;&#8221; icon_type=&#8221;&#8221; icon=&#8221;&#8221; icon_size=&#8221;&#8221; icon_color=&#8221;&#8221; icon_style=&#8221;&#8221; icon_color_bg=&#8221;&#8221; icon_border_style=&#8221;&#8221; icon_color_border=&#8221;&#8221; icon_border_size=&#8221;&#8221; icon_border_radius=&#8221;&#8221; icon_border_spacing=&#8221;&#8221; icon_img=&#8221;&#8221; img_width=&#8221;&#8221; ult_hide_row=&#8221;&#8221; ult_hide_row_large_screen=&#8221;&#8221; ult_hide_row_desktop=&#8221;&#8221; ult_hide_row_tablet=&#8221;&#8221; ult_hide_row_tablet_small=&#8221;&#8221; ult_hide_row_mobile=&#8221;&#8221; ult_hide_row_mobile_large=&#8221;&#8221;][vc_column width=&#8221;2\/3&#8243;][vc_column_text]Si usa il termine <strong>dito a martello<\/strong> per descrivere un\u2019anomala postura in flessione delle dita minori del\u00a0piede.<\/p>\n<p>Tale deformit\u00e0 pu\u00f2 essere fissa, cio\u00e8 non correggibile passivamente, oppure flessibile, cio\u00e8\u00a0correggibile. Talvolta, soprattutto nei cas\u00ec di lunga data, l\u2019articolazione metatarso falangea pu\u00f2\u00a0presentarsi in estensione, mentre l\u2019articolazione interfalangea distale rimane flessibile.<\/p>\n<p>Con il termine dito ad artiglio, invece, si indica una patologia prevalentemente secondaria a\u00a0disordini neuromuscolari, e tutte le dita generalmente sono interessate, a differenza delle dita\u00a0martello che solitamente sono una o due.<\/p>\n<p>Il dito ad artiglio, a differenza del dito martello, presenta sempre una deformit\u00e0 in flessione delle\u00a0articolazioni metatarso falangee e nella quasi totalit\u00e0 dei casi una deformit\u00e0 in flessione\u00a0dell\u2019interfalangea distale.<\/p>\n<p>Generalemente il dito a martello pu\u00f2 presentarsi dolente in 3 punti:<\/p>\n<p>\uf0b7 Sul dorso dell\u2019articolazione interfalangea prossimale<\/p>\n<p>\uf0b7 Sull\u2019apice della falange distale proprio sotto l&#8217;estremit\u00e0 libera dell&#8217;unghia<\/p>\n<p>\uf0b7 In corrispondenza della testa metatarsale se vi \u00e8 sublussazione dorsale della falange\u00a0prossimale<\/p>\n<p>Tali zone sono soggette a iperpressione nel contatto con il suolo e con le calzature, e pertanto\u00a0spesso si formano calli che risultano essere molto dolorosi per il paziente.<\/p>\n<p>La terapia si avvale in un primo momento di protesi in silicone modellate ad hoc per il paziente\u00a0insieme all\u2019uso di scarpe con tomaia molto morbida; tali presidi scaricheranno le zone soggette a\u00a0sovraccarico riducendo l\u2019attrito di queste aree delle dita.<\/p>\n<p>Quando tali presidi non riescono pi\u00f9 a ridurre la sintomatologia dolorosa, quando vi \u00e8 una continua\u00a0progressione della patologia, o quando si vuole porre in atto un trattamento definitivo si deve\u00a0eseguire un trattamento chirurgico.<\/p>\n<p>Il trattamento chirurgico generalmente viene eseguito in anestesia locale in regime di day surgery e\u00a0generalemente consiste nell\u2019eseguire delle osteotomie falangee atte a riallineare le articolazioni.<\/p>\n<p>Tali osteotomie possono essere stabilizzate o meno con mezzi di sintesi, generalmente fili di k\u00a0percuanei che vengono rimossi dopo circa 40 giorni dall\u2019intervento.<\/p>\n<p>La deambulazione \u00e8 concessa da subito con l\u2019utilizzo di apposite scarpe post operatorie dopo circa\u00a040 giorni dall\u2019intervento si puo\u2019 riiniziare a indossare scarpe normali.[\/vc_column_text][\/vc_column][vc_column width=&#8221;1\/3&#8243;][vc_text_separator title=&#8221;Patologie Piede&#8221; title_align=&#8221;separator_align_center&#8221; align=&#8221;align_center&#8221; color=&#8221;grey&#8221;][vc_wp_custommenu nav_menu=&#8221;5&#8243;][\/vc_column][\/vc_row]<\/p>\n<\/section>","protected":false},"excerpt":{"rendered":"<p>[vc_row full_width=&#8221;&#8221; parallax=&#8221;&#8221; parallax_image=&#8221;&#8221; opn_row_id=&#8221;&#8221; opn_row_gutter=&#8221;&#8221; opn_enable_overlay=&#8221;off&#8221; opn_hide_navigation=&#8221;off&#8221; bg_type=&#8221;&#8221; parallax_style=&#8221;&#8221; bg_image_new=&#8221;&#8221; layer_image=&#8221;&#8221; bg_image_repeat=&#8221;&#8221; bg_image_size=&#8221;&#8221; bg_cstm_size=&#8221;&#8221; bg_img_attach=&#8221;&#8221; parallax_sense=&#8221;&#8221; bg_image_posiiton=&#8221;&#8221; animation_direction=&#8221;&#8221; animation_repeat=&#8221;&#8221; video_url=&#8221;&#8221; video_url_2=&#8221;&#8221; u_video_url=&#8221;&#8221; video_opts=&#8221;&#8221; video_poster=&#8221;&#8221; u_start_time=&#8221;&#8221; u_stop_time=&#8221;&#8221; viewport_vdo=&#8221;&#8221; enable_controls=&#8221;&#8221; bg_override=&#8221;&#8221; disable_on_mobile_img_parallax=&#8221;&#8221; parallax_content=&#8221;&#8221; parallax_content_sense=&#8221;&#8221; fadeout_row=&#8221;&#8221; fadeout_start_effect=&#8221;&#8221; enable_overlay=&#8221;&#8221; overlay_color=&#8221;&#8221; overlay_pattern=&#8221;&#8221; overlay_pattern_opacity=&#8221;&#8221; overlay_pattern_size=&#8221;&#8221; overlay_pattern_attachment=&#8221;&#8221; multi_color_overlay=&#8221;&#8221; multi_color_overlay_opacity=&#8221;&#8221; seperator_enable=&#8221;&#8221; seperator_type=&#8221;&#8221; seperator_position=&#8221;&#8221; seperator_shape_size=&#8221;&#8221; seperator_svg_height=&#8221;&#8221; seperator_shape_background=&#8221;&#8221; seperator_shape_border=&#8221;&#8221; seperator_shape_border_color=&#8221;&#8221; seperator_shape_border_width=&#8221;&#8221; icon_type=&#8221;&#8221; icon=&#8221;&#8221; icon_size=&#8221;&#8221;<\/p>\n","protected":false},"author":1,"featured_media":0,"parent":203,"menu_order":0,"comment_status":"closed","ping_status":"closed","template":"","meta":[],"_links":{"self":[{"href":"https:\/\/www.spotornofoundation.it\/website\/wp-json\/wp\/v2\/pages\/206"}],"collection":[{"href":"https:\/\/www.spotornofoundation.it\/website\/wp-json\/wp\/v2\/pages"}],"about":[{"href":"https:\/\/www.spotornofoundation.it\/website\/wp-json\/wp\/v2\/types\/page"}],"author":[{"embeddable":true,"href":"https:\/\/www.spotornofoundation.it\/website\/wp-json\/wp\/v2\/users\/1"}],"replies":[{"embeddable":true,"href":"https:\/\/www.spotornofoundation.it\/website\/wp-json\/wp\/v2\/comments?post=206"}],"version-history":[{"count":7,"href":"https:\/\/www.spotornofoundation.it\/website\/wp-json\/wp\/v2\/pages\/206\/revisions"}],"predecessor-version":[{"id":822,"href":"https:\/\/www.spotornofoundation.it\/website\/wp-json\/wp\/v2\/pages\/206\/revisions\/822"}],"up":[{"embeddable":true,"href":"https:\/\/www.spotornofoundation.it\/website\/wp-json\/wp\/v2\/pages\/203"}],"wp:attachment":[{"href":"https:\/\/www.spotornofoundation.it\/website\/wp-json\/wp\/v2\/media?parent=206"}],"curies":[{"name":"wp","href":"https:\/\/api.w.org\/{rel}","templated":true}]}}